{"id":8454,"date":"2025-06-18T09:52:15","date_gmt":"2025-06-18T12:52:15","guid":{"rendered":"https:\/\/grandelojams.org.br\/es\/?page_id=8454"},"modified":"2025-11-17T10:26:07","modified_gmt":"2025-11-17T13:26:07","slug":"noticias","status":"publish","type":"page","link":"https:\/\/grandelojams.org.br\/es\/noticias\/","title":{"rendered":"Noticias"},"content":{"rendered":"\t\t<div data-elementor-type=\"wp-page\" data-elementor-id=\"8454\" class=\"elementor elementor-8454\">\n\t\t\t\t\t\t<header class=\"elementor-section elementor-top-section elementor-element elementor-element-82d20cc elementor-section-full_width elementor-section-height-min-height elementor-section-height-default elementor-section-items-middle elementor-invisible\" data-id=\"82d20cc\" data-element_type=\"section\" data-settings=\"{&quot;background_background&quot;:&quot;classic&quot;,&quot;animation&quot;:&quot;fadeIn&quot;,&quot;animation_delay&quot;:50}\">\n\t\t\t\t\t\t\t<div class=\"elementor-background-overlay\"><\/div>\n\t\t\t\t\t\t\t<div class=\"elementor-container elementor-column-gap-no\">\n\t\t\t\t\t<div class=\"elementor-column elementor-col-100 elementor-top-column elementor-element elementor-element-7adb01e\" data-id=\"7adb01e\" data-element_type=\"column\">\n\t\t\t<div class=\"elementor-widget-wrap elementor-element-populated\">\n\t\t\t\t\t\t<section class=\"elementor-section elementor-inner-section elementor-element elementor-element-5d25bf45 elementor-section-boxed elementor-section-height-default elementor-section-height-default\" data-id=\"5d25bf45\" data-element_type=\"section\">\n\t\t\t\t\t\t<div class=\"elementor-container elementor-column-gap-default\">\n\t\t\t\t\t<div class=\"elementor-column elementor-col-50 elementor-inner-column elementor-element elementor-element-60c3aa2e\" data-id=\"60c3aa2e\" data-element_type=\"column\">\n\t\t\t<div class=\"elementor-widget-wrap elementor-element-populated\">\n\t\t\t\t\t\t<div class=\"elementor-element elementor-element-518a9b62 elementor-invisible elementor-widget elementor-widget-heading\" data-id=\"518a9b62\" data-element_type=\"widget\" data-settings=\"{&quot;_animation&quot;:&quot;fadeIn&quot;,&quot;_animation_delay&quot;:100}\" data-widget_type=\"heading.default\">\n\t\t\t\t<div class=\"elementor-widget-container\">\n\t\t\t\t\t<h1 class=\"elementor-heading-title elementor-size-default\">Mant\u00e9ngase informado sobre lo que sucede en GLMS.\n<\/h1>\t\t\t\t<\/div>\n\t\t\t\t<\/div>\n\t\t\t\t<div class=\"elementor-element elementor-element-1290152f elementor-invisible elementor-widget elementor-widget-text-editor\" data-id=\"1290152f\" data-element_type=\"widget\" data-settings=\"{&quot;_animation&quot;:&quot;fadeIn&quot;,&quot;_animation_delay&quot;:200}\" data-widget_type=\"text-editor.default\">\n\t\t\t\t<div class=\"elementor-widget-container\">\n\t\t\t\t\t\t\t\t\t<p><!--StartFragment --><\/p>\n<p><span class=\"cf0\">Mantente<\/span><span class=\"cf0\"> al <\/span><span class=\"cf0\">d\u00eda<\/span><span class=\"cf0\"> de <\/span><span class=\"cf0\">las<\/span><span class=\"cf0\"> \u00faltimas noticias, eventos y <\/span><span class=\"cf0\">actividades<\/span><span class=\"cf0\"> de GLMS y sus <\/span><span class=\"cf0\">tiendas<\/span><span class=\"cf0\"> afiliadas.<\/span><\/p>\n<p><!--EndFragment --><\/p>\t\t\t\t\t\t\t\t<\/div>\n\t\t\t\t<\/div>\n\t\t\t\t<div class=\"elementor-element elementor-element-7ec5e815 elementor-align-left elementor-invisible elementor-widget elementor-widget-button\" data-id=\"7ec5e815\" data-element_type=\"widget\" data-settings=\"{&quot;_animation&quot;:&quot;fadeInUp&quot;,&quot;_animation_delay&quot;:200}\" data-widget_type=\"button.default\">\n\t\t\t\t<div class=\"elementor-widget-container\">\n\t\t\t\t\t\t\t\t\t<div class=\"elementor-button-wrapper\">\n\t\t\t\t\t<a class=\"elementor-button elementor-button-link elementor-size-sm elementor-animation-grow\" href=\"https:\/\/grandelojams.org.br\/es\/quienes-somos\/\">\n\t\t\t\t\t\t<span class=\"elementor-button-content-wrapper\">\n\t\t\t\t\t\t<span class=\"elementor-button-icon\">\n\t\t\t\t\t\t\t<\/span>\n\t\t\t\t\t\t\t\t\t<span class=\"elementor-button-text\">M\u00e1s informaci\u00f3n<\/span>\n\t\t\t\t\t<\/span>\n\t\t\t\t\t<\/a>\n\t\t\t\t<\/div>\n\t\t\t\t\t\t\t\t<\/div>\n\t\t\t\t<\/div>\n\t\t\t\t\t<\/div>\n\t\t<\/div>\n\t\t\t\t<div class=\"elementor-column elementor-col-50 elementor-inner-column elementor-element elementor-element-403db40b\" data-id=\"403db40b\" data-element_type=\"column\">\n\t\t\t<div class=\"elementor-widget-wrap\">\n\t\t\t\t\t\t\t<\/div>\n\t\t<\/div>\n\t\t\t\t\t<\/div>\n\t\t<\/section>\n\t\t\t\t\t<\/div>\n\t\t<\/div>\n\t\t\t\t\t<\/div>\n\t\t<\/header>\n\t\t\t\t<section class=\"elementor-section elementor-top-section elementor-element elementor-element-37f4746f elementor-section-boxed elementor-section-height-default elementor-section-height-default\" data-id=\"37f4746f\" data-element_type=\"section\" data-settings=\"{&quot;background_background&quot;:&quot;classic&quot;}\">\n\t\t\t\t\t\t<div class=\"elementor-container elementor-column-gap-default\">\n\t\t\t\t\t<div class=\"elementor-column elementor-col-100 elementor-top-column elementor-element elementor-element-6686aaf8 elementor-invisible\" data-id=\"6686aaf8\" data-element_type=\"column\" data-settings=\"{&quot;animation&quot;:&quot;fadeIn&quot;}\">\n\t\t\t<div class=\"elementor-widget-wrap elementor-element-populated\">\n\t\t\t\t\t\t<div class=\"elementor-element elementor-element-12a32e15 elementor-invisible elementor-widget elementor-widget-heading\" data-id=\"12a32e15\" data-element_type=\"widget\" data-settings=\"{&quot;_animation&quot;:&quot;fadeIn&quot;}\" data-widget_type=\"heading.default\">\n\t\t\t\t<div class=\"elementor-widget-container\">\n\t\t\t\t\t<h2 class=\"elementor-heading-title elementor-size-default\">Noticias y Eventos\n<\/h2>\t\t\t\t<\/div>\n\t\t\t\t<\/div>\n\t\t\t\t<div class=\"elementor-element elementor-element-2154811 elementor-grid-4 elementor-grid-tablet-2 elementor-grid-mobile-1 elementor-posts--thumbnail-top elementor-widget elementor-widget-posts\" data-id=\"2154811\" data-element_type=\"widget\" data-settings=\"{&quot;classic_columns&quot;:&quot;4&quot;,&quot;pagination_type&quot;:&quot;numbers&quot;,&quot;classic_columns_tablet&quot;:&quot;2&quot;,&quot;classic_columns_mobile&quot;:&quot;1&quot;,&quot;classic_row_gap&quot;:{&quot;unit&quot;:&quot;px&quot;,&quot;size&quot;:35,&quot;sizes&quot;:[]},&quot;classic_row_gap_tablet&quot;:{&quot;unit&quot;:&quot;px&quot;,&quot;size&quot;:&quot;&quot;,&quot;sizes&quot;:[]},&quot;classic_row_gap_mobile&quot;:{&quot;unit&quot;:&quot;px&quot;,&quot;size&quot;:&quot;&quot;,&quot;sizes&quot;:[]}}\" data-widget_type=\"posts.classic\">\n\t\t\t\t<div class=\"elementor-widget-container\">\n\t\t\t\t\t\t\t<div class=\"elementor-posts-container elementor-posts elementor-posts--skin-classic elementor-grid\">\n\t\t\t\t<article class=\"elementor-post elementor-grid-item post-6384 post type-post status-publish format-standard has-post-thumbnail hentry category-noticias\">\n\t\t\t\t<a class=\"elementor-post__thumbnail__link\" href=\"https:\/\/grandelojams.org.br\/es\/8a-edicao-da-corrida-sangue-bom-marca-a-abertura-do-junho-vermelho-com-mais-de-mil-participantes\/\" >\n\t\t\t<div class=\"elementor-post__thumbnail\"><img fetchpriority=\"high\" decoding=\"async\" width=\"300\" height=\"193\" src=\"https:\/\/grandelojams.org.br\/es\/wp-content\/uploads\/2025\/06\/Corrida2.jpeg-300x193-1.jpg\" class=\"attachment-medium size-medium wp-image-8844\" alt=\"\" \/><\/div>\n\t\t<\/a>\n\t\t\t\t<div class=\"elementor-post__text\">\n\t\t\t\t<h3 class=\"elementor-post__title\">\n\t\t\t<a href=\"https:\/\/grandelojams.org.br\/es\/8a-edicao-da-corrida-sangue-bom-marca-a-abertura-do-junho-vermelho-com-mais-de-mil-participantes\/\" >\n\t\t\t\t8\u00aa Edi\u00e7\u00e3o da Corrida Sangue Bom marca a abertura do Junho Vermelho com mais de mil participantes.\t\t\t<\/a>\n\t\t<\/h3>\n\t\t\t\t\t<a class=\"elementor-post__read-more\" href=\"https:\/\/grandelojams.org.br\/es\/8a-edicao-da-corrida-sangue-bom-marca-a-abertura-do-junho-vermelho-com-mais-de-mil-participantes\/\" >\n\t\t\t\tSaiba Mais \u00bb\t\t\t<\/a>\n\t\t\t\t<\/div>\n\t\t\t\t<\/article>\n\t\t\t\t<article class=\"elementor-post elementor-grid-item post-6335 post type-post status-publish format-standard has-post-thumbnail hentry category-noticias\">\n\t\t\t\t<a class=\"elementor-post__thumbnail__link\" href=\"https:\/\/grandelojams.org.br\/es\/reuniao-do-sgm-com-o-deputado-junior-mochi\/\" >\n\t\t\t<div class=\"elementor-post__thumbnail\"><img decoding=\"async\" width=\"300\" height=\"219\" src=\"https:\/\/grandelojams.org.br\/es\/wp-content\/uploads\/2025\/05\/foto-510x373-2-300x219-1.jpg\" class=\"attachment-medium size-medium wp-image-8904\" alt=\"\" \/><\/div>\n\t\t<\/a>\n\t\t\t\t<div class=\"elementor-post__text\">\n\t\t\t\t<h3 class=\"elementor-post__title\">\n\t\t\t<a href=\"https:\/\/grandelojams.org.br\/es\/reuniao-do-sgm-com-o-deputado-junior-mochi\/\" >\n\t\t\t\tDeputado Junior Mochi apoia projeto da Casa de Apoio da Fam\u00edlia Ma\u00e7\u00f4nica\u00a0em\u00a0Dourados\t\t\t<\/a>\n\t\t<\/h3>\n\t\t\t\t\t<a class=\"elementor-post__read-more\" href=\"https:\/\/grandelojams.org.br\/es\/reuniao-do-sgm-com-o-deputado-junior-mochi\/\" >\n\t\t\t\tSaiba Mais \u00bb\t\t\t<\/a>\n\t\t\t\t<\/div>\n\t\t\t\t<\/article>\n\t\t\t\t<article class=\"elementor-post elementor-grid-item post-6293 post type-post status-publish format-standard has-post-thumbnail hentry category-noticias\">\n\t\t\t\t<a class=\"elementor-post__thumbnail__link\" href=\"https:\/\/grandelojams.org.br\/es\/grao-mestre-da-glems-prestigia-comemoracao-dos-196-anos-do-supremo-conselho-do-grau-33-em-salvador\/\" >\n\t\t\t<div class=\"elementor-post__thumbnail\"><img decoding=\"async\" width=\"300\" height=\"181\" src=\"https:\/\/grandelojams.org.br\/es\/wp-content\/uploads\/2025\/04\/GR33-300x181-1.png\" class=\"attachment-medium size-medium wp-image-8906\" alt=\"\" \/><\/div>\n\t\t<\/a>\n\t\t\t\t<div class=\"elementor-post__text\">\n\t\t\t\t<h3 class=\"elementor-post__title\">\n\t\t\t<a href=\"https:\/\/grandelojams.org.br\/es\/grao-mestre-da-glems-prestigia-comemoracao-dos-196-anos-do-supremo-conselho-do-grau-33-em-salvador\/\" >\n\t\t\t\tGr\u00e3o-Mestre da GLEMS prestigia comemora\u00e7\u00e3o dos 196 anos do Supremo Conselho do Grau\u00a033\u00a0em\u00a0Salvador.\t\t\t<\/a>\n\t\t<\/h3>\n\t\t\t\t\t<a class=\"elementor-post__read-more\" href=\"https:\/\/grandelojams.org.br\/es\/grao-mestre-da-glems-prestigia-comemoracao-dos-196-anos-do-supremo-conselho-do-grau-33-em-salvador\/\" >\n\t\t\t\tSaiba Mais \u00bb\t\t\t<\/a>\n\t\t\t\t<\/div>\n\t\t\t\t<\/article>\n\t\t\t\t<article class=\"elementor-post elementor-grid-item post-6253 post type-post status-publish format-standard has-post-thumbnail hentry category-palavra-do-s-g-m\">\n\t\t\t\t<a class=\"elementor-post__thumbnail__link\" href=\"https:\/\/grandelojams.org.br\/es\/abertura-do-ano-maconico-reune-quase-mil-obreiros-no-centro-de-convencoes\/\" >\n\t\t\t<div class=\"elementor-post__thumbnail\"><img loading=\"lazy\" decoding=\"async\" width=\"300\" height=\"225\" src=\"https:\/\/grandelojams.org.br\/es\/wp-content\/uploads\/2025\/02\/WhatsApp-Image-2025-02-04-at-15.16.43-300x225-1.jpeg\" class=\"attachment-medium size-medium wp-image-8908\" alt=\"\" \/><\/div>\n\t\t<\/a>\n\t\t\t\t<div class=\"elementor-post__text\">\n\t\t\t\t<h3 class=\"elementor-post__title\">\n\t\t\t<a href=\"https:\/\/grandelojams.org.br\/es\/abertura-do-ano-maconico-reune-quase-mil-obreiros-no-centro-de-convencoes\/\" >\n\t\t\t\tABERTURA DO ANO MA\u00c7\u00d4NICO RE\u00daNE QUASE MIL OBREIROS NO CENTRO DE CONVEN\u00c7\u00d5ES\t\t\t<\/a>\n\t\t<\/h3>\n\t\t\t\t\t<a class=\"elementor-post__read-more\" href=\"https:\/\/grandelojams.org.br\/es\/abertura-do-ano-maconico-reune-quase-mil-obreiros-no-centro-de-convencoes\/\" >\n\t\t\t\tSaiba Mais \u00bb\t\t\t<\/a>\n\t\t\t\t<\/div>\n\t\t\t\t<\/article>\n\t\t\t\t<article class=\"elementor-post elementor-grid-item post-6227 post type-post status-publish format-standard has-post-thumbnail hentry category-noticias\">\n\t\t\t\t<a class=\"elementor-post__thumbnail__link\" href=\"https:\/\/grandelojams.org.br\/es\/veja-as-regioes-que-irao-fazer-sessoes-conjuntas-de-abertura-do-ano-maconico\/\" >\n\t\t\t<div class=\"elementor-post__thumbnail\"><img loading=\"lazy\" decoding=\"async\" width=\"300\" height=\"214\" src=\"https:\/\/grandelojams.org.br\/es\/wp-content\/uploads\/2025\/01\/Arte-materia-300x214-1.png\" class=\"attachment-medium size-medium wp-image-8910\" alt=\"\" \/><\/div>\n\t\t<\/a>\n\t\t\t\t<div class=\"elementor-post__text\">\n\t\t\t\t<h3 class=\"elementor-post__title\">\n\t\t\t<a href=\"https:\/\/grandelojams.org.br\/es\/veja-as-regioes-que-irao-fazer-sessoes-conjuntas-de-abertura-do-ano-maconico\/\" >\n\t\t\t\tVEJA AS REGI\u00d5ES QUE FAR\u00c3O  SESS\u00d5ES CONJUNTAS DE ABERTURA DO ANO MA\u00c7\u00d4NICO\t\t\t<\/a>\n\t\t<\/h3>\n\t\t\t\t\t<a class=\"elementor-post__read-more\" href=\"https:\/\/grandelojams.org.br\/es\/veja-as-regioes-que-irao-fazer-sessoes-conjuntas-de-abertura-do-ano-maconico\/\" >\n\t\t\t\tSaiba Mais \u00bb\t\t\t<\/a>\n\t\t\t\t<\/div>\n\t\t\t\t<\/article>\n\t\t\t\t<article class=\"elementor-post elementor-grid-item post-6215 post type-post status-publish format-standard has-post-thumbnail hentry category-sem-categoria\">\n\t\t\t\t<a class=\"elementor-post__thumbnail__link\" href=\"https:\/\/grandelojams.org.br\/es\/grao-mestre-prestigia-reveillon-da-loja-ordem-e-progresso\/\" >\n\t\t\t<div class=\"elementor-post__thumbnail\"><img loading=\"lazy\" decoding=\"async\" width=\"300\" height=\"166\" src=\"https:\/\/grandelojams.org.br\/es\/wp-content\/uploads\/2025\/01\/WhatsApp-Image-2025-01-16-at-19.43.29-672x372-1-300x166.jpeg\" class=\"attachment-medium size-medium wp-image-8912\" alt=\"\" srcset=\"https:\/\/grandelojams.org.br\/es\/wp-content\/uploads\/2025\/01\/WhatsApp-Image-2025-01-16-at-19.43.29-672x372-1-300x166.jpeg 300w, https:\/\/grandelojams.org.br\/es\/wp-content\/uploads\/2025\/01\/WhatsApp-Image-2025-01-16-at-19.43.29-672x372-1.jpeg 672w\" sizes=\"(max-width: 300px) 100vw, 300px\" \/><\/div>\n\t\t<\/a>\n\t\t\t\t<div class=\"elementor-post__text\">\n\t\t\t\t<h3 class=\"elementor-post__title\">\n\t\t\t<a href=\"https:\/\/grandelojams.org.br\/es\/grao-mestre-prestigia-reveillon-da-loja-ordem-e-progresso\/\" >\n\t\t\t\tGR\u00c3O- MESTRE PRESTIGIA REV\u00c9ILLON DA LOJA ORDEM E PROGRESSO\t\t\t<\/a>\n\t\t<\/h3>\n\t\t\t\t\t<a class=\"elementor-post__read-more\" href=\"https:\/\/grandelojams.org.br\/es\/grao-mestre-prestigia-reveillon-da-loja-ordem-e-progresso\/\" >\n\t\t\t\tSaiba Mais \u00bb\t\t\t<\/a>\n\t\t\t\t<\/div>\n\t\t\t\t<\/article>\n\t\t\t\t<article class=\"elementor-post elementor-grid-item post-6210 post type-post status-publish format-standard has-post-thumbnail hentry category-sem-categoria\">\n\t\t\t\t<a class=\"elementor-post__thumbnail__link\" href=\"https:\/\/grandelojams.org.br\/es\/governador-eduardo-riedel-confirma-presenca-na-abertura-do-ano-maconico\/\" >\n\t\t\t<div class=\"elementor-post__thumbnail\"><img loading=\"lazy\" decoding=\"async\" width=\"300\" height=\"200\" src=\"https:\/\/grandelojams.org.br\/es\/wp-content\/uploads\/2025\/01\/Governador-Abertura-300x200-1.jpg\" class=\"attachment-medium size-medium wp-image-9046\" alt=\"\" \/><\/div>\n\t\t<\/a>\n\t\t\t\t<div class=\"elementor-post__text\">\n\t\t\t\t<h3 class=\"elementor-post__title\">\n\t\t\t<a href=\"https:\/\/grandelojams.org.br\/es\/governador-eduardo-riedel-confirma-presenca-na-abertura-do-ano-maconico\/\" >\n\t\t\t\tGOVERNADOR EDUARDO RIEDEL CONFIRMA PRESEN\u00c7A NA ABERTURA DO ANO MA\u00c7\u00d4NICO\t\t\t<\/a>\n\t\t<\/h3>\n\t\t\t\t\t<a class=\"elementor-post__read-more\" href=\"https:\/\/grandelojams.org.br\/es\/governador-eduardo-riedel-confirma-presenca-na-abertura-do-ano-maconico\/\" >\n\t\t\t\tSaiba Mais \u00bb\t\t\t<\/a>\n\t\t\t\t<\/div>\n\t\t\t\t<\/article>\n\t\t\t\t<article class=\"elementor-post elementor-grid-item post-6200 post type-post status-publish format-standard has-post-thumbnail hentry category-palavra-do-s-g-m\">\n\t\t\t\t<a class=\"elementor-post__thumbnail__link\" href=\"https:\/\/grandelojams.org.br\/es\/glems-prestigia-posse-do-grao-mestre-da-grande-loja-maconica-de-pernambuco\/\" >\n\t\t\t<div class=\"elementor-post__thumbnail\"><img loading=\"lazy\" decoding=\"async\" width=\"300\" height=\"225\" src=\"https:\/\/grandelojams.org.br\/es\/wp-content\/uploads\/2025\/01\/WhatsApp-Image-2025-01-10-at-18.29.14-300x225-1.jpeg\" class=\"attachment-medium size-medium wp-image-9048\" alt=\"\" \/><\/div>\n\t\t<\/a>\n\t\t\t\t<div class=\"elementor-post__text\">\n\t\t\t\t<h3 class=\"elementor-post__title\">\n\t\t\t<a href=\"https:\/\/grandelojams.org.br\/es\/glems-prestigia-posse-do-grao-mestre-da-grande-loja-maconica-de-pernambuco\/\" >\n\t\t\t\tGLEMS PRESTIGIA POSSE DO GR\u00c3O-MESTRE DA GRANDE LOJA MA\u00c7\u00d4NICA DE PERNAMBUCO\t\t\t<\/a>\n\t\t<\/h3>\n\t\t\t\t\t<a class=\"elementor-post__read-more\" href=\"https:\/\/grandelojams.org.br\/es\/glems-prestigia-posse-do-grao-mestre-da-grande-loja-maconica-de-pernambuco\/\" >\n\t\t\t\tSaiba Mais \u00bb\t\t\t<\/a>\n\t\t\t\t<\/div>\n\t\t\t\t<\/article>\n\t\t\t\t<article class=\"elementor-post elementor-grid-item post-6188 post type-post status-publish format-standard has-post-thumbnail hentry category-palavra-do-s-g-m\">\n\t\t\t\t<a class=\"elementor-post__thumbnail__link\" href=\"https:\/\/grandelojams.org.br\/es\/faca-seu-cadastro-e-participe-da-abertura-do-ano-maconico-dia-1o-de-fevereiro\/\" >\n\t\t\t<div class=\"elementor-post__thumbnail\"><img loading=\"lazy\" decoding=\"async\" width=\"300\" height=\"200\" src=\"https:\/\/grandelojams.org.br\/es\/wp-content\/uploads\/2025\/01\/M.-271-300x200-1.jpg\" class=\"attachment-medium size-medium wp-image-9050\" alt=\"\" \/><\/div>\n\t\t<\/a>\n\t\t\t\t<div class=\"elementor-post__text\">\n\t\t\t\t<h3 class=\"elementor-post__title\">\n\t\t\t<a href=\"https:\/\/grandelojams.org.br\/es\/faca-seu-cadastro-e-participe-da-abertura-do-ano-maconico-dia-1o-de-fevereiro\/\" >\n\t\t\t\tFA\u00c7A SEU CADASTRO E PARTICIPE DA ABERTURA DO ANO MA\u00c7\u00d4NICO DIA 1\u00ba DE FEVEREIRO\t\t\t<\/a>\n\t\t<\/h3>\n\t\t\t\t\t<a class=\"elementor-post__read-more\" href=\"https:\/\/grandelojams.org.br\/es\/faca-seu-cadastro-e-participe-da-abertura-do-ano-maconico-dia-1o-de-fevereiro\/\" >\n\t\t\t\tSaiba Mais \u00bb\t\t\t<\/a>\n\t\t\t\t<\/div>\n\t\t\t\t<\/article>\n\t\t\t\t<article class=\"elementor-post elementor-grid-item post-6161 post type-post status-publish format-standard has-post-thumbnail hentry category-palavra-do-s-g-m\">\n\t\t\t\t<a class=\"elementor-post__thumbnail__link\" href=\"https:\/\/grandelojams.org.br\/es\/momentos-de-emocao-marcam-cerimonia-de-posse-publica-do-grao-mestre\/\" >\n\t\t\t<div class=\"elementor-post__thumbnail\"><img loading=\"lazy\" decoding=\"async\" width=\"300\" height=\"200\" src=\"https:\/\/grandelojams.org.br\/es\/wp-content\/uploads\/2024\/12\/M.-126-300x200-1.jpg\" class=\"attachment-medium size-medium wp-image-9053\" alt=\"\" \/><\/div>\n\t\t<\/a>\n\t\t\t\t<div class=\"elementor-post__text\">\n\t\t\t\t<h3 class=\"elementor-post__title\">\n\t\t\t<a href=\"https:\/\/grandelojams.org.br\/es\/momentos-de-emocao-marcam-cerimonia-de-posse-publica-do-grao-mestre\/\" >\n\t\t\t\tMOMENTOS DE EMO\u00c7\u00c3O MARCAM CERIM\u00d4NIA DE POSSE P\u00daBLICA DO GR\u00c3O-MESTRE\t\t\t<\/a>\n\t\t<\/h3>\n\t\t\t\t\t<a class=\"elementor-post__read-more\" href=\"https:\/\/grandelojams.org.br\/es\/momentos-de-emocao-marcam-cerimonia-de-posse-publica-do-grao-mestre\/\" >\n\t\t\t\tSaiba Mais \u00bb\t\t\t<\/a>\n\t\t\t\t<\/div>\n\t\t\t\t<\/article>\n\t\t\t\t<article class=\"elementor-post elementor-grid-item post-6133 post type-post status-publish format-standard has-post-thumbnail hentry category-noticias\">\n\t\t\t\t<a class=\"elementor-post__thumbnail__link\" href=\"https:\/\/grandelojams.org.br\/es\/baile-de-gala-dos-62-anos-da-glems-encerra-ano-maconico-de-2024\/\" >\n\t\t\t<div class=\"elementor-post__thumbnail\"><img loading=\"lazy\" decoding=\"async\" width=\"300\" height=\"200\" src=\"https:\/\/grandelojams.org.br\/es\/wp-content\/uploads\/2024\/12\/M.-2147-300x200-1.jpg\" class=\"attachment-medium size-medium wp-image-9055\" alt=\"\" \/><\/div>\n\t\t<\/a>\n\t\t\t\t<div class=\"elementor-post__text\">\n\t\t\t\t<h3 class=\"elementor-post__title\">\n\t\t\t<a href=\"https:\/\/grandelojams.org.br\/es\/baile-de-gala-dos-62-anos-da-glems-encerra-ano-maconico-de-2024\/\" >\n\t\t\t\tBAILE DE GALA DOS 62 ANOS DA GLEMS ENCERRA ANO MA\u00c7\u00d4NICO DE 2024\t\t\t<\/a>\n\t\t<\/h3>\n\t\t\t\t\t<a class=\"elementor-post__read-more\" href=\"https:\/\/grandelojams.org.br\/es\/baile-de-gala-dos-62-anos-da-glems-encerra-ano-maconico-de-2024\/\" >\n\t\t\t\tSaiba Mais \u00bb\t\t\t<\/a>\n\t\t\t\t<\/div>\n\t\t\t\t<\/article>\n\t\t\t\t<article class=\"elementor-post elementor-grid-item post-6122 post type-post status-publish format-standard has-post-thumbnail hentry category-noticias\">\n\t\t\t\t<a class=\"elementor-post__thumbnail__link\" href=\"https:\/\/grandelojams.org.br\/es\/alessandro-lewandowski-e-nova-diretoria-assumem-gestao-da-funlec\/\" >\n\t\t\t<div class=\"elementor-post__thumbnail\"><img loading=\"lazy\" decoding=\"async\" width=\"300\" height=\"225\" src=\"https:\/\/grandelojams.org.br\/es\/wp-content\/uploads\/2024\/12\/WhatsApp-Image-2024-12-10-at-17.05.36-2-300x225-1.jpeg\" class=\"attachment-medium size-medium wp-image-9057\" alt=\"\" \/><\/div>\n\t\t<\/a>\n\t\t\t\t<div class=\"elementor-post__text\">\n\t\t\t\t<h3 class=\"elementor-post__title\">\n\t\t\t<a href=\"https:\/\/grandelojams.org.br\/es\/alessandro-lewandowski-e-nova-diretoria-assumem-gestao-da-funlec\/\" >\n\t\t\t\tALESSANDRO LEWANDOWSKI E NOVA DIRETORIA ASSUMEM GEST\u00c3O DA FUNLEC\t\t\t<\/a>\n\t\t<\/h3>\n\t\t\t\t\t<a class=\"elementor-post__read-more\" href=\"https:\/\/grandelojams.org.br\/es\/alessandro-lewandowski-e-nova-diretoria-assumem-gestao-da-funlec\/\" >\n\t\t\t\tSaiba Mais \u00bb\t\t\t<\/a>\n\t\t\t\t<\/div>\n\t\t\t\t<\/article>\n\t\t\t\t<article class=\"elementor-post elementor-grid-item post-6107 post type-post status-publish format-standard has-post-thumbnail hentry category-palavra-do-s-g-m\">\n\t\t\t\t<a class=\"elementor-post__thumbnail__link\" href=\"https:\/\/grandelojams.org.br\/es\/grao-mestre-preside-sessao-magna-de-instalacao-na-loja-nova-era\/\" >\n\t\t\t<div class=\"elementor-post__thumbnail\"><img loading=\"lazy\" decoding=\"async\" width=\"300\" height=\"225\" src=\"https:\/\/grandelojams.org.br\/es\/wp-content\/uploads\/2024\/12\/WhatsApp-Image-2024-12-09-at-18.19.12-300x225-1.jpeg\" class=\"attachment-medium size-medium wp-image-9059\" alt=\"\" \/><\/div>\n\t\t<\/a>\n\t\t\t\t<div class=\"elementor-post__text\">\n\t\t\t\t<h3 class=\"elementor-post__title\">\n\t\t\t<a href=\"https:\/\/grandelojams.org.br\/es\/grao-mestre-preside-sessao-magna-de-instalacao-na-loja-nova-era\/\" >\n\t\t\t\tGR\u00c3O-MESTRE PRESIDE SESS\u00c3O MAGNA DE INSTALA\u00c7\u00c3O NA LOJA NOVA ERA\t\t\t<\/a>\n\t\t<\/h3>\n\t\t\t\t\t<a class=\"elementor-post__read-more\" href=\"https:\/\/grandelojams.org.br\/es\/grao-mestre-preside-sessao-magna-de-instalacao-na-loja-nova-era\/\" >\n\t\t\t\tSaiba Mais \u00bb\t\t\t<\/a>\n\t\t\t\t<\/div>\n\t\t\t\t<\/article>\n\t\t\t\t<article class=\"elementor-post elementor-grid-item post-6103 post type-post status-publish format-standard has-post-thumbnail hentry category-noticias\">\n\t\t\t\t<a class=\"elementor-post__thumbnail__link\" href=\"https:\/\/grandelojams.org.br\/es\/loja-sacerdotes-do-direito-realiza-sessao-magna-de-instalacao\/\" >\n\t\t\t<div class=\"elementor-post__thumbnail\"><img loading=\"lazy\" decoding=\"async\" width=\"300\" height=\"225\" src=\"https:\/\/grandelojams.org.br\/es\/wp-content\/uploads\/2024\/12\/Sacerdotes-do-Direito-300x225-1.jpeg\" class=\"attachment-medium size-medium wp-image-9061\" alt=\"\" \/><\/div>\n\t\t<\/a>\n\t\t\t\t<div class=\"elementor-post__text\">\n\t\t\t\t<h3 class=\"elementor-post__title\">\n\t\t\t<a href=\"https:\/\/grandelojams.org.br\/es\/loja-sacerdotes-do-direito-realiza-sessao-magna-de-instalacao\/\" >\n\t\t\t\tLOJA SACERDOTES DO DIREITO REALIZA SESS\u00c3O MAGNA DE INSTALA\u00c7\u00c3O\t\t\t<\/a>\n\t\t<\/h3>\n\t\t\t\t\t<a class=\"elementor-post__read-more\" href=\"https:\/\/grandelojams.org.br\/es\/loja-sacerdotes-do-direito-realiza-sessao-magna-de-instalacao\/\" >\n\t\t\t\tSaiba Mais \u00bb\t\t\t<\/a>\n\t\t\t\t<\/div>\n\t\t\t\t<\/article>\n\t\t\t\t<article class=\"elementor-post elementor-grid-item post-6093 post type-post status-publish format-standard has-post-thumbnail hentry category-noticias\">\n\t\t\t\t<a class=\"elementor-post__thumbnail__link\" href=\"https:\/\/grandelojams.org.br\/es\/irmaos-da-loja-luz-e-virtudes-realizam-o-primeiro-costeluz\/\" >\n\t\t\t<div class=\"elementor-post__thumbnail\"><img loading=\"lazy\" decoding=\"async\" width=\"300\" height=\"225\" src=\"https:\/\/grandelojams.org.br\/es\/wp-content\/uploads\/2024\/12\/WhatsApp-Image-2024-12-02-at-23.37.26-300x225-1.jpeg\" class=\"attachment-medium size-medium wp-image-9064\" alt=\"\" \/><\/div>\n\t\t<\/a>\n\t\t\t\t<div class=\"elementor-post__text\">\n\t\t\t\t<h3 class=\"elementor-post__title\">\n\t\t\t<a href=\"https:\/\/grandelojams.org.br\/es\/irmaos-da-loja-luz-e-virtudes-realizam-o-primeiro-costeluz\/\" >\n\t\t\t\tIRM\u00c3OS DA LOJA LUZ E VIRTUDES REALIZAM O PRIMEIRO COSTELUZ\t\t\t<\/a>\n\t\t<\/h3>\n\t\t\t\t\t<a class=\"elementor-post__read-more\" href=\"https:\/\/grandelojams.org.br\/es\/irmaos-da-loja-luz-e-virtudes-realizam-o-primeiro-costeluz\/\" >\n\t\t\t\tSaiba Mais \u00bb\t\t\t<\/a>\n\t\t\t\t<\/div>\n\t\t\t\t<\/article>\n\t\t\t\t<article class=\"elementor-post elementor-grid-item post-6083 post type-post status-publish format-standard has-post-thumbnail hentry category-palavra-do-s-g-m tag-cmi tag-francmaconnerie tag-freemasonry tag-maconaria tag-masoneria tag-massoneria\">\n\t\t\t\t<a class=\"elementor-post__thumbnail__link\" href=\"https:\/\/grandelojams.org.br\/es\/comitiva-da-glems-participa-da-xix-conferencia-mundial-das-grandes-lojas\/\" >\n\t\t\t<div class=\"elementor-post__thumbnail\"><img loading=\"lazy\" decoding=\"async\" width=\"300\" height=\"139\" src=\"https:\/\/grandelojams.org.br\/es\/wp-content\/uploads\/2024\/12\/WhatsApp-Image-2024-12-02-at-22.50.36-300x139-1.jpeg\" class=\"attachment-medium size-medium wp-image-9066\" alt=\"\" \/><\/div>\n\t\t<\/a>\n\t\t\t\t<div class=\"elementor-post__text\">\n\t\t\t\t<h3 class=\"elementor-post__title\">\n\t\t\t<a href=\"https:\/\/grandelojams.org.br\/es\/comitiva-da-glems-participa-da-xix-conferencia-mundial-das-grandes-lojas\/\" >\n\t\t\t\tCOMITIVA DA GLEMS PARTICIPA DA XIX CONFER\u00caNCIA MUNDIAL DAS GRANDES LOJAS\t\t\t<\/a>\n\t\t<\/h3>\n\t\t\t\t\t<a class=\"elementor-post__read-more\" href=\"https:\/\/grandelojams.org.br\/es\/comitiva-da-glems-participa-da-xix-conferencia-mundial-das-grandes-lojas\/\" >\n\t\t\t\tSaiba Mais \u00bb\t\t\t<\/a>\n\t\t\t\t<\/div>\n\t\t\t\t<\/article>\n\t\t\t\t<article class=\"elementor-post elementor-grid-item post-6060 post type-post status-publish format-standard has-post-thumbnail hentry category-noticias\">\n\t\t\t\t<a class=\"elementor-post__thumbnail__link\" href=\"https:\/\/grandelojams.org.br\/es\/6060-2\/\" >\n\t\t\t<div class=\"elementor-post__thumbnail\"><img loading=\"lazy\" decoding=\"async\" width=\"300\" height=\"172\" src=\"https:\/\/grandelojams.org.br\/es\/wp-content\/uploads\/2024\/11\/encontro-6b-300x172-1.png\" class=\"attachment-medium size-medium wp-image-9068\" alt=\"\" \/><\/div>\n\t\t<\/a>\n\t\t\t\t<div class=\"elementor-post__text\">\n\t\t\t\t<h3 class=\"elementor-post__title\">\n\t\t\t<a href=\"https:\/\/grandelojams.org.br\/es\/6060-2\/\" >\n\t\t\t\tCUNHADAS CONHECEM NOVA LOGO DA REDE DE MULHERES AC\u00c1CIA DURANTE ENCONTRO\t\t\t<\/a>\n\t\t<\/h3>\n\t\t\t\t\t<a class=\"elementor-post__read-more\" href=\"https:\/\/grandelojams.org.br\/es\/6060-2\/\" >\n\t\t\t\tSaiba Mais \u00bb\t\t\t<\/a>\n\t\t\t\t<\/div>\n\t\t\t\t<\/article>\n\t\t\t\t<article class=\"elementor-post elementor-grid-item post-6038 post type-post status-publish format-standard has-post-thumbnail hentry category-palavra-do-s-g-m\">\n\t\t\t\t<a class=\"elementor-post__thumbnail__link\" href=\"https:\/\/grandelojams.org.br\/es\/grao-mestre-e-nova-diretoria-da-glems-tomam-posse-durante-sessao-magna\/\" >\n\t\t\t<div class=\"elementor-post__thumbnail\"><img loading=\"lazy\" decoding=\"async\" width=\"300\" height=\"225\" src=\"https:\/\/grandelojams.org.br\/es\/wp-content\/uploads\/2024\/11\/WhatsApp-Image-2024-11-26-at-21.47.03-300x225-1.jpeg\" class=\"attachment-medium size-medium wp-image-9071\" alt=\"\" \/><\/div>\n\t\t<\/a>\n\t\t\t\t<div class=\"elementor-post__text\">\n\t\t\t\t<h3 class=\"elementor-post__title\">\n\t\t\t<a href=\"https:\/\/grandelojams.org.br\/es\/grao-mestre-e-nova-diretoria-da-glems-tomam-posse-durante-sessao-magna\/\" >\n\t\t\t\tGR\u00c3O-MESTRE E NOVA DIRETORIA DA GLEMS TOMAM POSSE DURANTE SESS\u00c3O MAGNA\t\t\t<\/a>\n\t\t<\/h3>\n\t\t\t\t\t<a class=\"elementor-post__read-more\" href=\"https:\/\/grandelojams.org.br\/es\/grao-mestre-e-nova-diretoria-da-glems-tomam-posse-durante-sessao-magna\/\" >\n\t\t\t\tSaiba Mais \u00bb\t\t\t<\/a>\n\t\t\t\t<\/div>\n\t\t\t\t<\/article>\n\t\t\t\t<article class=\"elementor-post elementor-grid-item post-6033 post type-post status-publish format-standard has-post-thumbnail hentry category-palavra-do-s-g-m\">\n\t\t\t\t<a class=\"elementor-post__thumbnail__link\" href=\"https:\/\/grandelojams.org.br\/es\/assembeia-geral-e-sessao-magna-de-posse-acontecem-neste-sabado-veja-a-programacao\/\" >\n\t\t\t<div class=\"elementor-post__thumbnail\"><img loading=\"lazy\" decoding=\"async\" width=\"300\" height=\"160\" src=\"https:\/\/grandelojams.org.br\/es\/wp-content\/uploads\/2024\/11\/Assembleia-300x160-1.png\" class=\"attachment-medium size-medium wp-image-9073\" alt=\"\" \/><\/div>\n\t\t<\/a>\n\t\t\t\t<div class=\"elementor-post__text\">\n\t\t\t\t<h3 class=\"elementor-post__title\">\n\t\t\t<a href=\"https:\/\/grandelojams.org.br\/es\/assembeia-geral-e-sessao-magna-de-posse-acontecem-neste-sabado-veja-a-programacao\/\" >\n\t\t\t\tASSEMBLEIA GERAL E SESS\u00c3O MAGNA DE POSSE ACONTECEM NESTE S\u00c1BADO. VEJA A PROGRAMA\u00c7\u00c3O\t\t\t<\/a>\n\t\t<\/h3>\n\t\t\t\t\t<a class=\"elementor-post__read-more\" href=\"https:\/\/grandelojams.org.br\/es\/assembeia-geral-e-sessao-magna-de-posse-acontecem-neste-sabado-veja-a-programacao\/\" >\n\t\t\t\tSaiba Mais \u00bb\t\t\t<\/a>\n\t\t\t\t<\/div>\n\t\t\t\t<\/article>\n\t\t\t\t<article class=\"elementor-post elementor-grid-item post-6019 post type-post status-publish format-standard has-post-thumbnail hentry category-palavra-do-s-g-m\">\n\t\t\t\t<a class=\"elementor-post__thumbnail__link\" href=\"https:\/\/grandelojams.org.br\/es\/grao-mestre-prestigia-a-10a-festa-do-cordeiro-no-oriente-de-sidrolandia\/\" >\n\t\t\t<div class=\"elementor-post__thumbnail\"><img loading=\"lazy\" decoding=\"async\" width=\"300\" height=\"169\" src=\"https:\/\/grandelojams.org.br\/es\/wp-content\/uploads\/2024\/11\/WhatsApp-Image-2024-11-13-at-17.35.13-1-300x169-1.jpeg\" class=\"attachment-medium size-medium wp-image-9075\" alt=\"\" \/><\/div>\n\t\t<\/a>\n\t\t\t\t<div class=\"elementor-post__text\">\n\t\t\t\t<h3 class=\"elementor-post__title\">\n\t\t\t<a href=\"https:\/\/grandelojams.org.br\/es\/grao-mestre-prestigia-a-10a-festa-do-cordeiro-no-oriente-de-sidrolandia\/\" >\n\t\t\t\tGR\u00c3O-MESTRE PRESTIGIA A 10\u00aa FESTA DO CORDEIRO NO ORIENTE DE SIDROL\u00c2NDIA\t\t\t<\/a>\n\t\t<\/h3>\n\t\t\t\t\t<a class=\"elementor-post__read-more\" href=\"https:\/\/grandelojams.org.br\/es\/grao-mestre-prestigia-a-10a-festa-do-cordeiro-no-oriente-de-sidrolandia\/\" >\n\t\t\t\tSaiba Mais \u00bb\t\t\t<\/a>\n\t\t\t\t<\/div>\n\t\t\t\t<\/article>\n\t\t\t\t<article class=\"elementor-post elementor-grid-item post-6001 post type-post status-publish format-standard has-post-thumbnail hentry category-palavra-do-s-g-m\">\n\t\t\t\t<a class=\"elementor-post__thumbnail__link\" href=\"https:\/\/grandelojams.org.br\/es\/deputada-mara-caseiro-conhece-projetos-de-assistencia-maconica-da-glems\/\" >\n\t\t\t<div class=\"elementor-post__thumbnail\"><img loading=\"lazy\" decoding=\"async\" width=\"300\" height=\"200\" src=\"https:\/\/grandelojams.org.br\/es\/wp-content\/uploads\/2024\/10\/2-300x200-1.jpeg\" class=\"attachment-medium size-medium wp-image-9077\" alt=\"\" \/><\/div>\n\t\t<\/a>\n\t\t\t\t<div class=\"elementor-post__text\">\n\t\t\t\t<h3 class=\"elementor-post__title\">\n\t\t\t<a href=\"https:\/\/grandelojams.org.br\/es\/deputada-mara-caseiro-conhece-projetos-de-assistencia-maconica-da-glems\/\" >\n\t\t\t\tDEPUTADA MARA CASEIRO CONHECE PROJETOS ASSISTENCIAIS DA GLEMS\t\t\t<\/a>\n\t\t<\/h3>\n\t\t\t\t\t<a class=\"elementor-post__read-more\" href=\"https:\/\/grandelojams.org.br\/es\/deputada-mara-caseiro-conhece-projetos-de-assistencia-maconica-da-glems\/\" >\n\t\t\t\tSaiba Mais \u00bb\t\t\t<\/a>\n\t\t\t\t<\/div>\n\t\t\t\t<\/article>\n\t\t\t\t<article class=\"elementor-post elementor-grid-item post-5997 post type-post status-publish format-standard has-post-thumbnail hentry category-noticias\">\n\t\t\t\t<a class=\"elementor-post__thumbnail__link\" href=\"https:\/\/grandelojams.org.br\/es\/benemerita-estrela-do-sul-inicia-cinco-novos-irmaos-na-ordem\/\" >\n\t\t\t<div class=\"elementor-post__thumbnail\"><img loading=\"lazy\" decoding=\"async\" width=\"300\" height=\"205\" src=\"https:\/\/grandelojams.org.br\/es\/wp-content\/uploads\/2024\/10\/WhatsApp-Image-2024-10-30-at-07.48.39-1-300x205-1.jpeg\" class=\"attachment-medium size-medium wp-image-9088\" alt=\"\" \/><\/div>\n\t\t<\/a>\n\t\t\t\t<div class=\"elementor-post__text\">\n\t\t\t\t<h3 class=\"elementor-post__title\">\n\t\t\t<a href=\"https:\/\/grandelojams.org.br\/es\/benemerita-estrela-do-sul-inicia-cinco-novos-irmaos-na-ordem\/\" >\n\t\t\t\tBENEM\u00c9RITA ESTRELA DO SUL INICIA CINCO NOVOS IRM\u00c3OS NA ORDEM\t\t\t<\/a>\n\t\t<\/h3>\n\t\t\t\t\t<a class=\"elementor-post__read-more\" href=\"https:\/\/grandelojams.org.br\/es\/benemerita-estrela-do-sul-inicia-cinco-novos-irmaos-na-ordem\/\" >\n\t\t\t\tSaiba Mais \u00bb\t\t\t<\/a>\n\t\t\t\t<\/div>\n\t\t\t\t<\/article>\n\t\t\t\t<article class=\"elementor-post elementor-grid-item post-5993 post type-post status-publish format-standard has-post-thumbnail hentry category-sem-categoria\">\n\t\t\t\t<a class=\"elementor-post__thumbnail__link\" href=\"https:\/\/grandelojams.org.br\/es\/benemerita-arls-nova-era-realiza-sessao-magna-de-iniciacao\/\" >\n\t\t\t<div class=\"elementor-post__thumbnail\"><img loading=\"lazy\" decoding=\"async\" width=\"300\" height=\"205\" src=\"https:\/\/grandelojams.org.br\/es\/wp-content\/uploads\/2024\/10\/WhatsApp-Image-2024-10-30-at-07.48.39-1-300x205-2.jpeg\" class=\"attachment-medium size-medium wp-image-9090\" alt=\"\" \/><\/div>\n\t\t<\/a>\n\t\t\t\t<div class=\"elementor-post__text\">\n\t\t\t\t<h3 class=\"elementor-post__title\">\n\t\t\t<a href=\"https:\/\/grandelojams.org.br\/es\/benemerita-arls-nova-era-realiza-sessao-magna-de-iniciacao\/\" >\n\t\t\t\tBENEM\u00c9RITA ARLS NOVA ERA REALIZA SESS\u00c3O MAGNA DE INICIA\u00c7\u00c3O\t\t\t<\/a>\n\t\t<\/h3>\n\t\t\t\t\t<a class=\"elementor-post__read-more\" href=\"https:\/\/grandelojams.org.br\/es\/benemerita-arls-nova-era-realiza-sessao-magna-de-iniciacao\/\" >\n\t\t\t\tSaiba Mais \u00bb\t\t\t<\/a>\n\t\t\t\t<\/div>\n\t\t\t\t<\/article>\n\t\t\t\t<article class=\"elementor-post elementor-grid-item post-5984 post type-post status-publish format-standard has-post-thumbnail hentry category-noticias\">\n\t\t\t\t<a class=\"elementor-post__thumbnail__link\" href=\"https:\/\/grandelojams.org.br\/es\/benemerita-arls-alvaro-de-figueiredo-inicia-seis-novos-irmaos-na-ordem\/\" >\n\t\t\t<div class=\"elementor-post__thumbnail\"><img loading=\"lazy\" decoding=\"async\" width=\"300\" height=\"160\" src=\"https:\/\/grandelojams.org.br\/es\/wp-content\/uploads\/2024\/10\/WhatsApp-Image-2024-10-28-at-10.42.26-1-300x160-1.jpeg\" class=\"attachment-medium size-medium wp-image-9092\" alt=\"\" \/><\/div>\n\t\t<\/a>\n\t\t\t\t<div class=\"elementor-post__text\">\n\t\t\t\t<h3 class=\"elementor-post__title\">\n\t\t\t<a href=\"https:\/\/grandelojams.org.br\/es\/benemerita-arls-alvaro-de-figueiredo-inicia-seis-novos-irmaos-na-ordem\/\" >\n\t\t\t\tBENEM\u00c9RITA ARLS \u00c1LVARO DE FIGUEIREDO INICIA SEIS NOVOS IRM\u00c3OS em corumb\u00e1\t\t\t<\/a>\n\t\t<\/h3>\n\t\t\t\t\t<a class=\"elementor-post__read-more\" href=\"https:\/\/grandelojams.org.br\/es\/benemerita-arls-alvaro-de-figueiredo-inicia-seis-novos-irmaos-na-ordem\/\" >\n\t\t\t\tSaiba Mais \u00bb\t\t\t<\/a>\n\t\t\t\t<\/div>\n\t\t\t\t<\/article>\n\t\t\t\t<article class=\"elementor-post elementor-grid-item post-5963 post type-post status-publish format-standard has-post-thumbnail hentry category-palavra-do-s-g-m\">\n\t\t\t\t<a class=\"elementor-post__thumbnail__link\" href=\"https:\/\/grandelojams.org.br\/es\/grao-mestre-prestigia-iniciacao-do-filho-na-loja-orvalho-de-hermon\/\" >\n\t\t\t<div class=\"elementor-post__thumbnail\"><img loading=\"lazy\" decoding=\"async\" width=\"300\" height=\"181\" src=\"https:\/\/grandelojams.org.br\/es\/wp-content\/uploads\/2024\/10\/WhatsApp-Image-2024-10-21-at-14.03.19-2-300x181.jpeg\" class=\"attachment-medium size-medium wp-image-9594\" alt=\"\" srcset=\"https:\/\/grandelojams.org.br\/es\/wp-content\/uploads\/2024\/10\/WhatsApp-Image-2024-10-21-at-14.03.19-2-300x181.jpeg 300w, https:\/\/grandelojams.org.br\/es\/wp-content\/uploads\/2024\/10\/WhatsApp-Image-2024-10-21-at-14.03.19-2-768x464.jpeg 768w, https:\/\/grandelojams.org.br\/es\/wp-content\/uploads\/2024\/10\/WhatsApp-Image-2024-10-21-at-14.03.19-2.jpeg 863w\" sizes=\"(max-width: 300px) 100vw, 300px\" \/><\/div>\n\t\t<\/a>\n\t\t\t\t<div class=\"elementor-post__text\">\n\t\t\t\t<h3 class=\"elementor-post__title\">\n\t\t\t<a href=\"https:\/\/grandelojams.org.br\/es\/grao-mestre-prestigia-iniciacao-do-filho-na-loja-orvalho-de-hermon\/\" >\n\t\t\t\tGR\u00c3O-MESTRE PRESTIGIA INICIA\u00c7\u00c3O DO FILHO NA LOJA ORVALHO DE HERMON\t\t\t<\/a>\n\t\t<\/h3>\n\t\t\t\t\t<a class=\"elementor-post__read-more\" href=\"https:\/\/grandelojams.org.br\/es\/grao-mestre-prestigia-iniciacao-do-filho-na-loja-orvalho-de-hermon\/\" >\n\t\t\t\tSaiba Mais \u00bb\t\t\t<\/a>\n\t\t\t\t<\/div>\n\t\t\t\t<\/article>\n\t\t\t\t<article class=\"elementor-post elementor-grid-item post-5955 post type-post status-publish format-standard has-post-thumbnail hentry category-noticias\">\n\t\t\t\t<a class=\"elementor-post__thumbnail__link\" href=\"https:\/\/grandelojams.org.br\/es\/loja-cinquentenario-de-dourados-realiza-iniciacao-de-dois-novos-irmaos\/\" >\n\t\t\t<div class=\"elementor-post__thumbnail\"><img loading=\"lazy\" decoding=\"async\" width=\"300\" height=\"169\" src=\"https:\/\/grandelojams.org.br\/es\/wp-content\/uploads\/2024\/10\/WhatsApp-Image-2024-10-22-at-18.39.49-300x169-1.jpeg\" class=\"attachment-medium size-medium wp-image-9094\" alt=\"\" \/><\/div>\n\t\t<\/a>\n\t\t\t\t<div class=\"elementor-post__text\">\n\t\t\t\t<h3 class=\"elementor-post__title\">\n\t\t\t<a href=\"https:\/\/grandelojams.org.br\/es\/loja-cinquentenario-de-dourados-realiza-iniciacao-de-dois-novos-irmaos\/\" >\n\t\t\t\tLOJA CINQUENTEN\u00c1RIO DE DOURADOS realiza sess\u00e3o magna de inicia\u00e7\u00e3o\t\t\t<\/a>\n\t\t<\/h3>\n\t\t\t\t\t<a class=\"elementor-post__read-more\" href=\"https:\/\/grandelojams.org.br\/es\/loja-cinquentenario-de-dourados-realiza-iniciacao-de-dois-novos-irmaos\/\" >\n\t\t\t\tSaiba Mais \u00bb\t\t\t<\/a>\n\t\t\t\t<\/div>\n\t\t\t\t<\/article>\n\t\t\t\t<article class=\"elementor-post elementor-grid-item post-5937 post type-post status-publish format-standard has-post-thumbnail hentry category-noticias\">\n\t\t\t\t<a class=\"elementor-post__thumbnail__link\" href=\"https:\/\/grandelojams.org.br\/es\/grao-mestre-prestigia-sessao-magna-de-iniciacao-no-oriente-de-rio-verde\/\" >\n\t\t\t<div class=\"elementor-post__thumbnail\"><img loading=\"lazy\" decoding=\"async\" width=\"300\" height=\"181\" src=\"https:\/\/grandelojams.org.br\/es\/wp-content\/uploads\/2024\/10\/WhatsApp-Image-2024-10-21-at-14.03.19-2-300x181-1.jpeg\" class=\"attachment-medium size-medium wp-image-9096\" alt=\"\" \/><\/div>\n\t\t<\/a>\n\t\t\t\t<div class=\"elementor-post__text\">\n\t\t\t\t<h3 class=\"elementor-post__title\">\n\t\t\t<a href=\"https:\/\/grandelojams.org.br\/es\/grao-mestre-prestigia-sessao-magna-de-iniciacao-no-oriente-de-rio-verde\/\" >\n\t\t\t\tGR\u00c3O-MESTRE PRESTIGIA SESS\u00c3O MAGNA DE INICIA\u00c7\u00c3O NO ORIENTE DE RIO VERDE\t\t\t<\/a>\n\t\t<\/h3>\n\t\t\t\t\t<a class=\"elementor-post__read-more\" href=\"https:\/\/grandelojams.org.br\/es\/grao-mestre-prestigia-sessao-magna-de-iniciacao-no-oriente-de-rio-verde\/\" >\n\t\t\t\tSaiba Mais \u00bb\t\t\t<\/a>\n\t\t\t\t<\/div>\n\t\t\t\t<\/article>\n\t\t\t\t<article class=\"elementor-post elementor-grid-item post-5930 post type-post status-publish format-standard has-post-thumbnail hentry category-palavra-do-s-g-m\">\n\t\t\t\t<a class=\"elementor-post__thumbnail__link\" href=\"https:\/\/grandelojams.org.br\/es\/ademar-de-souza-freitas-e-reeleito-grao-mestre-com-9311-dos-votos-validos\/\" >\n\t\t\t<div class=\"elementor-post__thumbnail\"><img loading=\"lazy\" decoding=\"async\" width=\"300\" height=\"225\" src=\"https:\/\/grandelojams.org.br\/es\/wp-content\/uploads\/2024\/10\/WhatsApp-Image-2024-10-20-at-09.59.02-1-300x225-1.jpeg\" class=\"attachment-medium size-medium wp-image-9098\" alt=\"\" \/><\/div>\n\t\t<\/a>\n\t\t\t\t<div class=\"elementor-post__text\">\n\t\t\t\t<h3 class=\"elementor-post__title\">\n\t\t\t<a href=\"https:\/\/grandelojams.org.br\/es\/ademar-de-souza-freitas-e-reeleito-grao-mestre-com-9311-dos-votos-validos\/\" >\n\t\t\t\tADEMAR DE SOUZA FREITAS \u00c9 REELEITO GR\u00c3O-MESTRE COM 93,11% DOS VOTOS V\u00c1LIDOS\t\t\t<\/a>\n\t\t<\/h3>\n\t\t\t\t\t<a class=\"elementor-post__read-more\" href=\"https:\/\/grandelojams.org.br\/es\/ademar-de-souza-freitas-e-reeleito-grao-mestre-com-9311-dos-votos-validos\/\" >\n\t\t\t\tSaiba Mais \u00bb\t\t\t<\/a>\n\t\t\t\t<\/div>\n\t\t\t\t<\/article>\n\t\t\t\t<article class=\"elementor-post elementor-grid-item post-5926 post type-post status-publish format-standard has-post-thumbnail hentry category-noticias category-sem-categoria\">\n\t\t\t\t<a class=\"elementor-post__thumbnail__link\" href=\"https:\/\/grandelojams.org.br\/es\/11-de-outubro-fundacao-do-mato-grosso-do-sul\/\" >\n\t\t\t<div class=\"elementor-post__thumbnail\"><img loading=\"lazy\" decoding=\"async\" width=\"300\" height=\"300\" src=\"https:\/\/grandelojams.org.br\/es\/wp-content\/uploads\/2024\/10\/4403c012-0f37-4f95-86ca-ff532622d69e-300x300-1.jpeg\" class=\"attachment-medium size-medium wp-image-9100\" alt=\"\" srcset=\"https:\/\/grandelojams.org.br\/es\/wp-content\/uploads\/2024\/10\/4403c012-0f37-4f95-86ca-ff532622d69e-300x300-1.jpeg 300w, https:\/\/grandelojams.org.br\/es\/wp-content\/uploads\/2024\/10\/4403c012-0f37-4f95-86ca-ff532622d69e-300x300-1-150x150.jpeg 150w\" sizes=\"(max-width: 300px) 100vw, 300px\" \/><\/div>\n\t\t<\/a>\n\t\t\t\t<div class=\"elementor-post__text\">\n\t\t\t\t<h3 class=\"elementor-post__title\">\n\t\t\t<a href=\"https:\/\/grandelojams.org.br\/es\/11-de-outubro-fundacao-do-mato-grosso-do-sul\/\" >\n\t\t\t\t11 DE OUTUBRO \u2013 FUNDA\u00c7\u00c3O DO MATO GROSSO DO SUL\u00a0\t\t\t<\/a>\n\t\t<\/h3>\n\t\t\t\t\t<a class=\"elementor-post__read-more\" href=\"https:\/\/grandelojams.org.br\/es\/11-de-outubro-fundacao-do-mato-grosso-do-sul\/\" >\n\t\t\t\tSaiba Mais \u00bb\t\t\t<\/a>\n\t\t\t\t<\/div>\n\t\t\t\t<\/article>\n\t\t\t\t<article class=\"elementor-post elementor-grid-item post-5919 post type-post status-publish format-standard has-post-thumbnail hentry category-sem-categoria\">\n\t\t\t\t<a class=\"elementor-post__thumbnail__link\" href=\"https:\/\/grandelojams.org.br\/es\/benemerita-ordem-e-progresso-homenageia-grao-mestre-adjunto-em-exercicio-em-sessao-magna-de-elevacao\/\" >\n\t\t\t<div class=\"elementor-post__thumbnail\"><img loading=\"lazy\" decoding=\"async\" width=\"300\" height=\"189\" src=\"https:\/\/grandelojams.org.br\/es\/wp-content\/uploads\/2024\/10\/Demamann-1-300x189-1.jpeg\" class=\"attachment-medium size-medium wp-image-9102\" alt=\"\" \/><\/div>\n\t\t<\/a>\n\t\t\t\t<div class=\"elementor-post__text\">\n\t\t\t\t<h3 class=\"elementor-post__title\">\n\t\t\t<a href=\"https:\/\/grandelojams.org.br\/es\/benemerita-ordem-e-progresso-homenageia-grao-mestre-adjunto-em-exercicio-em-sessao-magna-de-elevacao\/\" >\n\t\t\t\tBENEM\u00c9RITA ORDEM E PROGRESSO HOMENAGEIA GR\u00c3O-MESTRE ADJUNTO EM EXERC\u00cdCIO EM SESS\u00c3O MAGNA DE ELEVA\u00c7\u00c3O\t\t\t<\/a>\n\t\t<\/h3>\n\t\t\t\t\t<a class=\"elementor-post__read-more\" href=\"https:\/\/grandelojams.org.br\/es\/benemerita-ordem-e-progresso-homenageia-grao-mestre-adjunto-em-exercicio-em-sessao-magna-de-elevacao\/\" >\n\t\t\t\tSaiba Mais \u00bb\t\t\t<\/a>\n\t\t\t\t<\/div>\n\t\t\t\t<\/article>\n\t\t\t\t<article class=\"elementor-post elementor-grid-item post-5904 post type-post status-publish format-standard has-post-thumbnail hentry category-sem-categoria\">\n\t\t\t\t<a class=\"elementor-post__thumbnail__link\" href=\"https:\/\/grandelojams.org.br\/es\/grao-mestre-ad-vitam-darcy-da-costa-filho-recebe-titulo-de-macom-benemerito\/\" >\n\t\t\t<div class=\"elementor-post__thumbnail\"><img loading=\"lazy\" decoding=\"async\" width=\"300\" height=\"225\" src=\"https:\/\/grandelojams.org.br\/es\/wp-content\/uploads\/2024\/10\/4-300x225-1.jpeg\" class=\"attachment-medium size-medium wp-image-9104\" alt=\"\" \/><\/div>\n\t\t<\/a>\n\t\t\t\t<div class=\"elementor-post__text\">\n\t\t\t\t<h3 class=\"elementor-post__title\">\n\t\t\t<a href=\"https:\/\/grandelojams.org.br\/es\/grao-mestre-ad-vitam-darcy-da-costa-filho-recebe-titulo-de-macom-benemerito\/\" >\n\t\t\t\tPAST GR\u00c3O-MESTRE DARCY DA COSTA FILHO RECEBE T\u00cdTULO DE MA\u00c7OM BENEM\u00c9RITO\t\t\t<\/a>\n\t\t<\/h3>\n\t\t\t\t\t<a class=\"elementor-post__read-more\" href=\"https:\/\/grandelojams.org.br\/es\/grao-mestre-ad-vitam-darcy-da-costa-filho-recebe-titulo-de-macom-benemerito\/\" >\n\t\t\t\tSaiba Mais \u00bb\t\t\t<\/a>\n\t\t\t\t<\/div>\n\t\t\t\t<\/article>\n\t\t\t\t<article class=\"elementor-post elementor-grid-item post-5889 post type-post status-publish format-standard has-post-thumbnail hentry category-noticias category-sem-categoria\">\n\t\t\t\t<a class=\"elementor-post__thumbnail__link\" href=\"https:\/\/grandelojams.org.br\/es\/em-sessao-historica-pai-e-filho-recebem-titulo-de-macom-benemerito\/\" >\n\t\t\t<div class=\"elementor-post__thumbnail\"><img loading=\"lazy\" decoding=\"async\" width=\"300\" height=\"225\" src=\"https:\/\/grandelojams.org.br\/es\/wp-content\/uploads\/2024\/10\/WhatsApp-Image-2024-10-01-at-22.29.35-300x225-1.jpeg\" class=\"attachment-medium size-medium wp-image-9106\" alt=\"\" \/><\/div>\n\t\t<\/a>\n\t\t\t\t<div class=\"elementor-post__text\">\n\t\t\t\t<h3 class=\"elementor-post__title\">\n\t\t\t<a href=\"https:\/\/grandelojams.org.br\/es\/em-sessao-historica-pai-e-filho-recebem-titulo-de-macom-benemerito\/\" >\n\t\t\t\tEM SESS\u00c3O HIST\u00d3RICA PAI E FILHO RECEBEM TITULO DE MA\u00c7OM BENEM\u00c9RITO\t\t\t<\/a>\n\t\t<\/h3>\n\t\t\t\t\t<a class=\"elementor-post__read-more\" href=\"https:\/\/grandelojams.org.br\/es\/em-sessao-historica-pai-e-filho-recebem-titulo-de-macom-benemerito\/\" >\n\t\t\t\tSaiba Mais \u00bb\t\t\t<\/a>\n\t\t\t\t<\/div>\n\t\t\t\t<\/article>\n\t\t\t\t<article class=\"elementor-post elementor-grid-item post-5841 post type-post status-publish format-standard has-post-thumbnail hentry category-palavra-do-s-g-m\">\n\t\t\t\t<a class=\"elementor-post__thumbnail__link\" href=\"https:\/\/grandelojams.org.br\/es\/sessao-solene-de-restituicao-do-malhete-entra-para-historia-da-glems\/\" >\n\t\t\t<div class=\"elementor-post__thumbnail\"><img loading=\"lazy\" decoding=\"async\" width=\"300\" height=\"225\" src=\"https:\/\/grandelojams.org.br\/es\/wp-content\/uploads\/2024\/10\/WhatsApp-Image-2024-10-01-at-20.17.05-300x225-1.jpeg\" class=\"attachment-medium size-medium wp-image-9108\" alt=\"\" \/><\/div>\n\t\t<\/a>\n\t\t\t\t<div class=\"elementor-post__text\">\n\t\t\t\t<h3 class=\"elementor-post__title\">\n\t\t\t<a href=\"https:\/\/grandelojams.org.br\/es\/sessao-solene-de-restituicao-do-malhete-entra-para-historia-da-glems\/\" >\n\t\t\t\tSESS\u00c3O SOLENE DE RESTITUI\u00c7\u00c3O DO MALHETE ENTRA PARA a HIST\u00d3RIA DA GLEMS\t\t\t<\/a>\n\t\t<\/h3>\n\t\t\t\t\t<a class=\"elementor-post__read-more\" href=\"https:\/\/grandelojams.org.br\/es\/sessao-solene-de-restituicao-do-malhete-entra-para-historia-da-glems\/\" >\n\t\t\t\tSaiba Mais \u00bb\t\t\t<\/a>\n\t\t\t\t<\/div>\n\t\t\t\t<\/article>\n\t\t\t\t<article class=\"elementor-post elementor-grid-item post-5819 post type-post status-publish format-standard has-post-thumbnail hentry category-palavra-do-s-g-m\">\n\t\t\t\t<a class=\"elementor-post__thumbnail__link\" href=\"https:\/\/grandelojams.org.br\/es\/glems-e-mais-de-40-grandes-lojas-do-mundo-prestigiam-posse-de-novo-grao-mestre-em-portugal\/\" >\n\t\t\t<div class=\"elementor-post__thumbnail\"><img loading=\"lazy\" decoding=\"async\" width=\"300\" height=\"169\" src=\"https:\/\/grandelojams.org.br\/es\/wp-content\/uploads\/2024\/09\/WhatsApp-Image-2024-09-26-at-08.03.34-300x169-1.jpeg\" class=\"attachment-medium size-medium wp-image-9110\" alt=\"\" \/><\/div>\n\t\t<\/a>\n\t\t\t\t<div class=\"elementor-post__text\">\n\t\t\t\t<h3 class=\"elementor-post__title\">\n\t\t\t<a href=\"https:\/\/grandelojams.org.br\/es\/glems-e-mais-de-40-grandes-lojas-do-mundo-prestigiam-posse-de-novo-grao-mestre-em-portugal\/\" >\n\t\t\t\tGLEMS E MAIS DE 40 GRANDES LOJAS DO MUNDO PRESTIGIAM POSSE DE NOVO GR\u00c3O-MESTRE EM PORTUGAL\t\t\t<\/a>\n\t\t<\/h3>\n\t\t\t\t\t<a class=\"elementor-post__read-more\" href=\"https:\/\/grandelojams.org.br\/es\/glems-e-mais-de-40-grandes-lojas-do-mundo-prestigiam-posse-de-novo-grao-mestre-em-portugal\/\" >\n\t\t\t\tSaiba Mais \u00bb\t\t\t<\/a>\n\t\t\t\t<\/div>\n\t\t\t\t<\/article>\n\t\t\t\t<article class=\"elementor-post elementor-grid-item post-5812 post type-post status-publish format-standard has-post-thumbnail hentry category-palavra-do-s-g-m\">\n\t\t\t\t<a class=\"elementor-post__thumbnail__link\" href=\"https:\/\/grandelojams.org.br\/es\/grao-mestre-em-exercicio-homenageia-fundador-da-benemerita-recando-hospitaleiro\/\" >\n\t\t\t<div class=\"elementor-post__thumbnail\"><img loading=\"lazy\" decoding=\"async\" width=\"300\" height=\"225\" src=\"https:\/\/grandelojams.org.br\/es\/wp-content\/uploads\/2024\/09\/WhatsApp-Image-2024-09-24-at-00.16.20-1-300x225-1.jpeg\" class=\"attachment-medium size-medium wp-image-9112\" alt=\"\" \/><\/div>\n\t\t<\/a>\n\t\t\t\t<div class=\"elementor-post__text\">\n\t\t\t\t<h3 class=\"elementor-post__title\">\n\t\t\t<a href=\"https:\/\/grandelojams.org.br\/es\/grao-mestre-em-exercicio-homenageia-fundador-da-benemerita-recando-hospitaleiro\/\" >\n\t\t\t\tGR\u00c3O-MESTRE EM EXERC\u00cdCIO HOMENAGEIA UM DOS FUNDADOR DA BENEM\u00c9RITA RECANDO HOSPITALEIRO\t\t\t<\/a>\n\t\t<\/h3>\n\t\t\t\t\t<a class=\"elementor-post__read-more\" href=\"https:\/\/grandelojams.org.br\/es\/grao-mestre-em-exercicio-homenageia-fundador-da-benemerita-recando-hospitaleiro\/\" >\n\t\t\t\tSaiba Mais \u00bb\t\t\t<\/a>\n\t\t\t\t<\/div>\n\t\t\t\t<\/article>\n\t\t\t\t<article class=\"elementor-post elementor-grid-item post-5806 post type-post status-publish format-standard has-post-thumbnail hentry category-noticias\">\n\t\t\t\t<a class=\"elementor-post__thumbnail__link\" href=\"https:\/\/grandelojams.org.br\/es\/grao-mestre-em-exercicio-homenageia-ex-grao-mestre-adjunto-irmao-hugo-de-oliveira\/\" >\n\t\t\t<div class=\"elementor-post__thumbnail\"><img loading=\"lazy\" decoding=\"async\" width=\"300\" height=\"189\" src=\"https:\/\/grandelojams.org.br\/es\/wp-content\/uploads\/2024\/09\/WhatsApp-Image-2024-09-20-at-23.10.51-300x189-1.jpeg\" class=\"attachment-medium size-medium wp-image-9114\" alt=\"\" \/><\/div>\n\t\t<\/a>\n\t\t\t\t<div class=\"elementor-post__text\">\n\t\t\t\t<h3 class=\"elementor-post__title\">\n\t\t\t<a href=\"https:\/\/grandelojams.org.br\/es\/grao-mestre-em-exercicio-homenageia-ex-grao-mestre-adjunto-irmao-hugo-de-oliveira\/\" >\n\t\t\t\tGR\u00c3O-MESTRE EM EXERC\u00cdCIO HOMENAGEIA EX GR\u00c3O MESTRE ADJUNTO IRM\u00c3O HUGO DE OLIVEIRA\t\t\t<\/a>\n\t\t<\/h3>\n\t\t\t\t\t<a class=\"elementor-post__read-more\" href=\"https:\/\/grandelojams.org.br\/es\/grao-mestre-em-exercicio-homenageia-ex-grao-mestre-adjunto-irmao-hugo-de-oliveira\/\" >\n\t\t\t\tSaiba Mais \u00bb\t\t\t<\/a>\n\t\t\t\t<\/div>\n\t\t\t\t<\/article>\n\t\t\t\t<article class=\"elementor-post elementor-grid-item post-5800 post type-post status-publish format-standard has-post-thumbnail hentry category-palavra-do-s-g-m\">\n\t\t\t\t<a class=\"elementor-post__thumbnail__link\" href=\"https:\/\/grandelojams.org.br\/es\/grao-mestre-em-exercicio-participa-de-iniciacao-na-loja-colunas-da-lei\/\" >\n\t\t\t<div class=\"elementor-post__thumbnail\"><img loading=\"lazy\" decoding=\"async\" width=\"300\" height=\"204\" src=\"https:\/\/grandelojams.org.br\/es\/wp-content\/uploads\/2024\/09\/WhatsApp-Image-2024-09-22-at-10.35.32-300x204-1.jpeg\" class=\"attachment-medium size-medium wp-image-9116\" alt=\"\" \/><\/div>\n\t\t<\/a>\n\t\t\t\t<div class=\"elementor-post__text\">\n\t\t\t\t<h3 class=\"elementor-post__title\">\n\t\t\t<a href=\"https:\/\/grandelojams.org.br\/es\/grao-mestre-em-exercicio-participa-de-iniciacao-na-loja-colunas-da-lei\/\" >\n\t\t\t\tGR\u00c3O-MESTRE EM EXERC\u00cdCIO PARTICIPA DE INICIA\u00c7\u00c3O NA LOJA COLUNAS DA LEI\t\t\t<\/a>\n\t\t<\/h3>\n\t\t\t\t\t<a class=\"elementor-post__read-more\" href=\"https:\/\/grandelojams.org.br\/es\/grao-mestre-em-exercicio-participa-de-iniciacao-na-loja-colunas-da-lei\/\" >\n\t\t\t\tSaiba Mais \u00bb\t\t\t<\/a>\n\t\t\t\t<\/div>\n\t\t\t\t<\/article>\n\t\t\t\t<article class=\"elementor-post elementor-grid-item post-5796 post type-post status-publish format-standard has-post-thumbnail hentry category-noticias\">\n\t\t\t\t<a class=\"elementor-post__thumbnail__link\" href=\"https:\/\/grandelojams.org.br\/es\/comissao-de-construcao-da-casa-de-apoio-realiza-reuniao-em-dourados\/\" >\n\t\t\t<div class=\"elementor-post__thumbnail\"><img loading=\"lazy\" decoding=\"async\" width=\"300\" height=\"169\" src=\"https:\/\/grandelojams.org.br\/es\/wp-content\/uploads\/2024\/09\/WhatsApp-Image-2024-09-21-at-11.27.55-300x169-1.jpeg\" class=\"attachment-medium size-medium wp-image-9118\" alt=\"\" \/><\/div>\n\t\t<\/a>\n\t\t\t\t<div class=\"elementor-post__text\">\n\t\t\t\t<h3 class=\"elementor-post__title\">\n\t\t\t<a href=\"https:\/\/grandelojams.org.br\/es\/comissao-de-construcao-da-casa-de-apoio-realiza-reuniao-em-dourados\/\" >\n\t\t\t\tCOMISS\u00c3O DE CONSTRU\u00c7\u00c3O DA CASA DE APOIO REALIZA REUNI\u00c3O EM DOURADOS\t\t\t<\/a>\n\t\t<\/h3>\n\t\t\t\t\t<a class=\"elementor-post__read-more\" href=\"https:\/\/grandelojams.org.br\/es\/comissao-de-construcao-da-casa-de-apoio-realiza-reuniao-em-dourados\/\" >\n\t\t\t\tSaiba Mais \u00bb\t\t\t<\/a>\n\t\t\t\t<\/div>\n\t\t\t\t<\/article>\n\t\t\t\t<article class=\"elementor-post elementor-grid-item post-8880 post type-post status-publish format-standard has-post-thumbnail hentry category-palavra-do-s-g-m\">\n\t\t\t\t<a class=\"elementor-post__thumbnail__link\" href=\"https:\/\/grandelojams.org.br\/es\/mais-nova-loja-da-glems-recebe-visita-do-grao-mestre-em-exercicio\/\" >\n\t\t\t<div class=\"elementor-post__thumbnail\"><img loading=\"lazy\" decoding=\"async\" width=\"300\" height=\"225\" src=\"https:\/\/grandelojams.org.br\/es\/wp-content\/uploads\/2024\/09\/WhatsApp-Image-2024-09-10-at-00.17.02-1-300x225-1.jpeg\" class=\"attachment-medium size-medium wp-image-9120\" alt=\"\" \/><\/div>\n\t\t<\/a>\n\t\t\t\t<div class=\"elementor-post__text\">\n\t\t\t\t<h3 class=\"elementor-post__title\">\n\t\t\t<a href=\"https:\/\/grandelojams.org.br\/es\/mais-nova-loja-da-glems-recebe-visita-do-grao-mestre-em-exercicio\/\" >\n\t\t\t\tLOJA CA\u00c7ULA DA GLEMS RECEBE VISITA DO GR\u00c3O-MESTRE EM EXERC\u00cdCIO\t\t\t<\/a>\n\t\t<\/h3>\n\t\t\t\t\t<a class=\"elementor-post__read-more\" href=\"https:\/\/grandelojams.org.br\/es\/mais-nova-loja-da-glems-recebe-visita-do-grao-mestre-em-exercicio\/\" >\n\t\t\t\tSaiba Mais \u00bb\t\t\t<\/a>\n\t\t\t\t<\/div>\n\t\t\t\t<\/article>\n\t\t\t\t<article class=\"elementor-post elementor-grid-item post-5784 post type-post status-publish format-standard has-post-thumbnail hentry category-sem-categoria\">\n\t\t\t\t<a class=\"elementor-post__thumbnail__link\" href=\"https:\/\/grandelojams.org.br\/es\/bingo-da-primavera-arrecada-mais-de-r-7-mil-para-construcao-da-casa-de-apoio\/\" >\n\t\t\t<div class=\"elementor-post__thumbnail\"><img loading=\"lazy\" decoding=\"async\" width=\"300\" height=\"225\" src=\"https:\/\/grandelojams.org.br\/es\/wp-content\/uploads\/2024\/09\/WhatsApp-Image-2024-09-17-at-10.09.54-9-300x225-1.jpeg\" class=\"attachment-medium size-medium wp-image-9122\" alt=\"\" \/><\/div>\n\t\t<\/a>\n\t\t\t\t<div class=\"elementor-post__text\">\n\t\t\t\t<h3 class=\"elementor-post__title\">\n\t\t\t<a href=\"https:\/\/grandelojams.org.br\/es\/bingo-da-primavera-arrecada-mais-de-r-7-mil-para-construcao-da-casa-de-apoio\/\" >\n\t\t\t\tBINGO DA PRIMAVERA ARRECADA MAIS DE R$ 7 MIL PARA CONSTRU\u00c7\u00c3O DA CASA DE APOIO\t\t\t<\/a>\n\t\t<\/h3>\n\t\t\t\t\t<a class=\"elementor-post__read-more\" href=\"https:\/\/grandelojams.org.br\/es\/bingo-da-primavera-arrecada-mais-de-r-7-mil-para-construcao-da-casa-de-apoio\/\" >\n\t\t\t\tSaiba Mais \u00bb\t\t\t<\/a>\n\t\t\t\t<\/div>\n\t\t\t\t<\/article>\n\t\t\t\t<\/div>\n\n\n\t\t\n\t\t\t\t<div class=\"e-load-more-anchor\" data-page=\"1\" data-max-page=\"7\" data-next-page=\"https:\/\/grandelojams.org.br\/es\/wp-json\/wp\/v2\/pages\/8454\/page\/2\/\"><\/div>\n\t\t\t\t<nav class=\"elementor-pagination\" role=\"navigation\" aria-label=\"Pagination\">\n\t\t\t<span aria-current=\"page\" class=\"page-numbers current\"><span class=\"elementor-screen-only\">Page<\/span>1<\/span>\n<a class=\"page-numbers\" href=\"https:\/\/grandelojams.org.br\/es\/wp-json\/wp\/v2\/pages\/8454\/page\/2\/\"><span class=\"elementor-screen-only\">Page<\/span>2<\/a>\n<a class=\"page-numbers\" href=\"https:\/\/grandelojams.org.br\/es\/wp-json\/wp\/v2\/pages\/8454\/page\/3\/\"><span class=\"elementor-screen-only\">Page<\/span>3<\/a>\n<a class=\"page-numbers\" href=\"https:\/\/grandelojams.org.br\/es\/wp-json\/wp\/v2\/pages\/8454\/page\/4\/\"><span class=\"elementor-screen-only\">Page<\/span>4<\/a>\n<a class=\"page-numbers\" href=\"https:\/\/grandelojams.org.br\/es\/wp-json\/wp\/v2\/pages\/8454\/page\/5\/\"><span class=\"elementor-screen-only\">Page<\/span>5<\/a>\t\t<\/nav>\n\t\t\t\t\t\t<\/div>\n\t\t\t\t<\/div>\n\t\t\t\t\t<\/div>\n\t\t<\/div>\n\t\t\t\t\t<\/div>\n\t\t<\/section>\n\t\t\t\t<section class=\"elementor-section elementor-top-section elementor-element elementor-element-50d5171 elementor-section-height-min-height elementor-section-boxed elementor-section-height-default elementor-section-items-middle\" data-id=\"50d5171\" data-element_type=\"section\" data-settings=\"{&quot;background_background&quot;:&quot;classic&quot;}\">\n\t\t\t\t\t\t\t<div class=\"elementor-background-overlay\"><\/div>\n\t\t\t\t\t\t\t<div class=\"elementor-container elementor-column-gap-default\">\n\t\t\t\t\t<div class=\"elementor-column elementor-col-100 elementor-top-column elementor-element elementor-element-5be189f elementor-invisible\" data-id=\"5be189f\" data-element_type=\"column\" data-settings=\"{&quot;animation&quot;:&quot;fadeIn&quot;}\">\n\t\t\t<div class=\"elementor-widget-wrap elementor-element-populated\">\n\t\t\t\t\t\t<div class=\"elementor-element elementor-element-dd6115a elementor-invisible elementor-widget elementor-widget-heading\" data-id=\"dd6115a\" data-element_type=\"widget\" data-settings=\"{&quot;_animation&quot;:&quot;fadeIn&quot;}\" data-widget_type=\"heading.default\">\n\t\t\t\t<div class=\"elementor-widget-container\">\n\t\t\t\t\t<h1 class=\"elementor-heading-title elementor-size-default\">Liderazgo y compromiso\n<\/h1>\t\t\t\t<\/div>\n\t\t\t\t<\/div>\n\t\t\t\t<div class=\"elementor-element elementor-element-0866891 elementor-invisible elementor-widget elementor-widget-text-editor\" data-id=\"0866891\" data-element_type=\"widget\" data-settings=\"{&quot;_animation&quot;:&quot;fadeIn&quot;,&quot;_animation_delay&quot;:100}\" data-widget_type=\"text-editor.default\">\n\t\t\t\t<div class=\"elementor-widget-container\">\n\t\t\t\t\t\t\t\t\t<p><!--StartFragment --><\/p>\n<p><span class=\"cf0\">Informaci\u00f3n<\/span><span class=\"cf0\">, <\/span><span class=\"cf0\">transparencia<\/span><span class=\"cf0\"> y <\/span><span class=\"cf0\">conexi\u00f3n<\/span> <span class=\"cf0\">con<\/span><span class=\"cf0\"> toda <\/span><span class=\"cf0\">la<\/span> <span class=\"cf0\">comunidad<\/span> <span class=\"cf0\">mas\u00f3nica<\/span><span class=\"cf0\">.<\/span><\/p>\n<p><!--EndFragment --><\/p>\t\t\t\t\t\t\t\t<\/div>\n\t\t\t\t<\/div>\n\t\t\t\t\t<\/div>\n\t\t<\/div>\n\t\t\t\t<div class=\"elementor-column elementor-col-100 elementor-top-column elementor-element elementor-element-24c0f2f elementor-invisible\" data-id=\"24c0f2f\" data-element_type=\"column\" data-settings=\"{&quot;animation&quot;:&quot;fadeIn&quot;,&quot;animation_delay&quot;:150}\">\n\t\t\t<div class=\"elementor-widget-wrap elementor-element-populated\">\n\t\t\t\t\t\t<div class=\"elementor-element elementor-element-0b24788 elementor-align-right elementor-invisible elementor-widget elementor-widget-button\" data-id=\"0b24788\" data-element_type=\"widget\" data-settings=\"{&quot;_animation&quot;:&quot;fadeInUp&quot;,&quot;_animation_delay&quot;:200}\" data-widget_type=\"button.default\">\n\t\t\t\t<div class=\"elementor-widget-container\">\n\t\t\t\t\t\t\t\t\t<div class=\"elementor-button-wrapper\">\n\t\t\t\t\t<a class=\"elementor-button elementor-button-link elementor-size-sm elementor-animation-grow\" href=\"https:\/\/grandelojams.org.br\/es\/contactenos\/\">\n\t\t\t\t\t\t<span class=\"elementor-button-content-wrapper\">\n\t\t\t\t\t\t\t\t\t<span class=\"elementor-button-text\">Cont\u00e1ctenos<\/span>\n\t\t\t\t\t<\/span>\n\t\t\t\t\t<\/a>\n\t\t\t\t<\/div>\n\t\t\t\t\t\t\t\t<\/div>\n\t\t\t\t<\/div>\n\t\t\t\t\t<\/div>\n\t\t<\/div>\n\t\t\t\t\t<\/div>\n\t\t<\/section>\n\t\t\t\t<\/div>\n\t\t","protected":false},"excerpt":{"rendered":"<p>Mant\u00e9ngase informado sobre lo que sucede en GLMS. Mantente al d\u00eda de las \u00faltimas noticias, eventos y actividades de GLMS y sus tiendas afiliadas. M\u00e1s<\/p>\n","protected":false},"author":1,"featured_media":0,"parent":0,"menu_order":0,"comment_status":"closed","ping_status":"closed","template":"","meta":{"footnotes":""},"class_list":["post-8454","page","type-page","status-publish","hentry"],"yoast_head":"<!-- This site is optimized with the Yoast SEO plugin v26.3 - https:\/\/yoast.com\/wordpress\/plugins\/seo\/ -->\n<title>Noticias - GLEMS<\/title>\n<meta name=\"robots\" content=\"index, follow, max-snippet:-1, max-image-preview:large, max-video-preview:-1\" \/>\n<link rel=\"canonical\" href=\"https:\/\/grandelojams.org.br\/es\/noticias\/\" \/>\n<meta property=\"og:locale\" content=\"pt_BR\" \/>\n<meta property=\"og:type\" content=\"article\" \/>\n<meta property=\"og:title\" content=\"Noticias - GLEMS\" \/>\n<meta property=\"og:description\" content=\"Mant\u00e9ngase informado sobre lo que sucede en GLMS. Mantente al d\u00eda de las \u00faltimas noticias, eventos y actividades de GLMS y sus tiendas afiliadas. M\u00e1s\" \/>\n<meta property=\"og:url\" content=\"https:\/\/grandelojams.org.br\/es\/noticias\/\" \/>\n<meta property=\"og:site_name\" content=\"GLEMS\" \/>\n<meta property=\"article:modified_time\" content=\"2025-11-17T13:26:07+00:00\" \/>\n<meta name=\"twitter:card\" content=\"summary_large_image\" \/>\n<meta name=\"twitter:label1\" content=\"Est. tempo de leitura\" \/>\n\t<meta name=\"twitter:data1\" content=\"12 minutos\" \/>\n<script type=\"application\/ld+json\" class=\"yoast-schema-graph\">{\"@context\":\"https:\/\/schema.org\",\"@graph\":[{\"@type\":\"WebPage\",\"@id\":\"https:\/\/grandelojams.org.br\/es\/noticias\/\",\"url\":\"https:\/\/grandelojams.org.br\/es\/noticias\/\",\"name\":\"Noticias - GLEMS\",\"isPartOf\":{\"@id\":\"https:\/\/grandelojams.org.br\/es\/#website\"},\"datePublished\":\"2025-06-18T12:52:15+00:00\",\"dateModified\":\"2025-11-17T13:26:07+00:00\",\"breadcrumb\":{\"@id\":\"https:\/\/grandelojams.org.br\/es\/noticias\/#breadcrumb\"},\"inLanguage\":\"pt-BR\",\"potentialAction\":[{\"@type\":\"ReadAction\",\"target\":[\"https:\/\/grandelojams.org.br\/es\/noticias\/\"]}]},{\"@type\":\"BreadcrumbList\",\"@id\":\"https:\/\/grandelojams.org.br\/es\/noticias\/#breadcrumb\",\"itemListElement\":[{\"@type\":\"ListItem\",\"position\":1,\"name\":\"In\u00edcio\",\"item\":\"https:\/\/grandelojams.org.br\/es\/\"},{\"@type\":\"ListItem\",\"position\":2,\"name\":\"Noticias\"}]},{\"@type\":\"WebSite\",\"@id\":\"https:\/\/grandelojams.org.br\/es\/#website\",\"url\":\"https:\/\/grandelojams.org.br\/es\/\",\"name\":\"GLEMS\",\"description\":\"Grande Loja Ma\u00e7\u00f4nica do Mato Grosso do Sul\",\"potentialAction\":[{\"@type\":\"SearchAction\",\"target\":{\"@type\":\"EntryPoint\",\"urlTemplate\":\"https:\/\/grandelojams.org.br\/es\/?s={search_term_string}\"},\"query-input\":{\"@type\":\"PropertyValueSpecification\",\"valueRequired\":true,\"valueName\":\"search_term_string\"}}],\"inLanguage\":\"pt-BR\"}]}<\/script>\n<!-- \/ Yoast SEO plugin. -->","yoast_head_json":{"title":"Noticias - GLEMS","robots":{"index":"index","follow":"follow","max-snippet":"max-snippet:-1","max-image-preview":"max-image-preview:large","max-video-preview":"max-video-preview:-1"},"canonical":"https:\/\/grandelojams.org.br\/es\/noticias\/","og_locale":"pt_BR","og_type":"article","og_title":"Noticias - GLEMS","og_description":"Mant\u00e9ngase informado sobre lo que sucede en GLMS. Mantente al d\u00eda de las \u00faltimas noticias, eventos y actividades de GLMS y sus tiendas afiliadas. M\u00e1s","og_url":"https:\/\/grandelojams.org.br\/es\/noticias\/","og_site_name":"GLEMS","article_modified_time":"2025-11-17T13:26:07+00:00","twitter_card":"summary_large_image","twitter_misc":{"Est. tempo de leitura":"12 minutos"},"schema":{"@context":"https:\/\/schema.org","@graph":[{"@type":"WebPage","@id":"https:\/\/grandelojams.org.br\/es\/noticias\/","url":"https:\/\/grandelojams.org.br\/es\/noticias\/","name":"Noticias - GLEMS","isPartOf":{"@id":"https:\/\/grandelojams.org.br\/es\/#website"},"datePublished":"2025-06-18T12:52:15+00:00","dateModified":"2025-11-17T13:26:07+00:00","breadcrumb":{"@id":"https:\/\/grandelojams.org.br\/es\/noticias\/#breadcrumb"},"inLanguage":"pt-BR","potentialAction":[{"@type":"ReadAction","target":["https:\/\/grandelojams.org.br\/es\/noticias\/"]}]},{"@type":"BreadcrumbList","@id":"https:\/\/grandelojams.org.br\/es\/noticias\/#breadcrumb","itemListElement":[{"@type":"ListItem","position":1,"name":"In\u00edcio","item":"https:\/\/grandelojams.org.br\/es\/"},{"@type":"ListItem","position":2,"name":"Noticias"}]},{"@type":"WebSite","@id":"https:\/\/grandelojams.org.br\/es\/#website","url":"https:\/\/grandelojams.org.br\/es\/","name":"GLEMS","description":"Grande Loja Ma\u00e7\u00f4nica do Mato Grosso do Sul","potentialAction":[{"@type":"SearchAction","target":{"@type":"EntryPoint","urlTemplate":"https:\/\/grandelojams.org.br\/es\/?s={search_term_string}"},"query-input":{"@type":"PropertyValueSpecification","valueRequired":true,"valueName":"search_term_string"}}],"inLanguage":"pt-BR"}]}},"_links":{"self":[{"href":"https:\/\/grandelojams.org.br\/es\/wp-json\/wp\/v2\/pages\/8454","targetHints":{"allow":["GET"]}}],"collection":[{"href":"https:\/\/grandelojams.org.br\/es\/wp-json\/wp\/v2\/pages"}],"about":[{"href":"https:\/\/grandelojams.org.br\/es\/wp-json\/wp\/v2\/types\/page"}],"author":[{"embeddable":true,"href":"https:\/\/grandelojams.org.br\/es\/wp-json\/wp\/v2\/users\/1"}],"replies":[{"embeddable":true,"href":"https:\/\/grandelojams.org.br\/es\/wp-json\/wp\/v2\/comments?post=8454"}],"version-history":[{"count":32,"href":"https:\/\/grandelojams.org.br\/es\/wp-json\/wp\/v2\/pages\/8454\/revisions"}],"predecessor-version":[{"id":9837,"href":"https:\/\/grandelojams.org.br\/es\/wp-json\/wp\/v2\/pages\/8454\/revisions\/9837"}],"wp:attachment":[{"href":"https:\/\/grandelojams.org.br\/es\/wp-json\/wp\/v2\/media?parent=8454"}],"curies":[{"name":"wp","href":"https:\/\/api.w.org\/{rel}","templated":true}]}}